{"version":"1.0","provider_name":"BUOD","provider_url":"https:\/\/buod.de\/de","title":"Meghalt Pot\u00e1pi \u00c1rp\u00e1d J\u00e1nos nemzetpolitik\u00e1\u00e9rt felel\u0151s \u00e1llamtitk\u00e1r - BUOD","type":"rich","width":600,"height":338,"html":"<blockquote class=\"wp-embedded-content\" data-secret=\"LK9OsBnTXI\"><a href=\"https:\/\/buod.de\/de\/meghalt-potapi-arpad-janos-nemzetpolitikaert-felelos-allamtitkar\/\">Meghalt Pot\u00e1pi \u00c1rp\u00e1d J\u00e1nos nemzetpolitik\u00e1\u00e9rt felel\u0151s \u00e1llamtitk\u00e1r<\/a><\/blockquote><iframe sandbox=\"allow-scripts\" security=\"restricted\" src=\"https:\/\/buod.de\/de\/meghalt-potapi-arpad-janos-nemzetpolitikaert-felelos-allamtitkar\/embed\/#?secret=LK9OsBnTXI\" width=\"600\" height=\"338\" title=\"&#8220;Meghalt Pot\u00e1pi \u00c1rp\u00e1d J\u00e1nos nemzetpolitik\u00e1\u00e9rt felel\u0151s \u00e1llamtitk\u00e1r&#8221; &#8212; BUOD\" data-secret=\"LK9OsBnTXI\" frameborder=\"0\" marginwidth=\"0\" marginheight=\"0\" scrolling=\"no\" class=\"wp-embedded-content\"><\/iframe><script type=\"text\/javascript\">\n\/* <![CDATA[ *\/\n\/*! This file is auto-generated *\/\n!function(d,l){\"use strict\";l.querySelector&&d.addEventListener&&\"undefined\"!=typeof URL&&(d.wp=d.wp||{},d.wp.receiveEmbedMessage||(d.wp.receiveEmbedMessage=function(e){var t=e.data;if((t||t.secret||t.message||t.value)&&!\/[^a-zA-Z0-9]\/.test(t.secret)){for(var s,r,n,a=l.querySelectorAll('iframe[data-secret=\"'+t.secret+'\"]'),o=l.querySelectorAll('blockquote[data-secret=\"'+t.secret+'\"]'),c=new RegExp(\"^https?:$\",\"i\"),i=0;i<o.length;i++)o[i].style.display=\"none\";for(i=0;i<a.length;i++)s=a[i],e.source===s.contentWindow&&(s.removeAttribute(\"style\"),\"height\"===t.message?(1e3<(r=parseInt(t.value,10))?r=1e3:~~r<200&&(r=200),s.height=r):\"link\"===t.message&&(r=new URL(s.getAttribute(\"src\")),n=new URL(t.value),c.test(n.protocol))&&n.host===r.host&&l.activeElement===s&&(d.top.location.href=t.value))}},d.addEventListener(\"message\",d.wp.receiveEmbedMessage,!1),l.addEventListener(\"DOMContentLoaded\",function(){for(var e,t,s=l.querySelectorAll(\"iframe.wp-embedded-content\"),r=0;r<s.length;r++)(t=(e=s[r]).getAttribute(\"data-secret\"))||(t=Math.random().toString(36).substring(2,12),e.src+=\"#?secret=\"+t,e.setAttribute(\"data-secret\",t)),e.contentWindow.postMessage({message:\"ready\",secret:t},\"*\")},!1)))}(window,document);\n\/\/# sourceURL=https:\/\/buod.de\/wp-includes\/js\/wp-embed.min.js\n\/* ]]> *\/\n<\/script>","description":"Kedves Mindny\u00e1jan! Szomor\u00fa sz\u00edvvel tov\u00e1bb\u00edtjuk azt a d\u00f6bbenetes h\u00edrt, hogy Pot\u00e1pi \u00c1rp\u00e1d J\u00e1nos \u00e1llamtitk\u00e1r v\u00e1ratlanul meghalt. Mint a nemzetpolitik\u00e1\u00e9rt felel\u0151s \u00e1llamtitk\u00e1r sz\u00edv\u00e9n viselte a hat\u00e1ron t\u00fali \u00e9s a diaszp\u00f3ra magyars\u00e1g sors\u00e1t, \u00e9s ahol csak tehette felel\u0151s poz\u00edci\u00f3ban seg\u00edtette \u00e9s t\u00e1mogatta k\u00f6z\u00f6ss\u00e9geiket \u00e9s szervezeteiket &#8211; \u00edgy pl. a BUOD-ot is &#8211; megfontolt \u00e9s j\u00f3l \u00e1tgondolt m\u00f3don. [&hellip;]"}